{"id":11290,"date":"2024-07-31T14:04:36","date_gmt":"2024-07-31T12:04:36","guid":{"rendered":"https:\/\/www.christiani-international.com\/cms\/historia\/"},"modified":"2024-07-31T14:04:41","modified_gmt":"2024-07-31T12:04:41","slug":"historia","status":"publish","type":"page","link":"https:\/\/www.christiani-international.com\/cms\/es\/sobre-nosotros\/historia\/","title":{"rendered":"Historia"},"content":{"rendered":"<p><div class=\"fusion-fullwidth fullwidth-box fusion-builder-row-1 gradient-container-1 nonhundred-percent-fullwidth non-hundred-percent-height-scrolling\" style=\"--awb-border-radius-top-left:0px;--awb-border-radius-top-right:0px;--awb-border-radius-bottom-right:0px;--awb-border-radius-bottom-left:0px;--awb-flex-wrap:wrap;\" ><div class=\"fusion-builder-row fusion-row\"><div class=\"fusion-layout-column fusion_builder_column fusion-builder-column-0 fusion_builder_column_1_1 1_1 fusion-one-full fusion-column-first fusion-column-last\" style=\"--awb-bg-size:cover;\"><div class=\"fusion-column-wrapper fusion-column-has-shadow fusion-flex-column-wrapper-legacy\"><div class=\"fusion-title title fusion-title-1 fusion-sep-none fusion-title-text fusion-title-size-one\" style=\"--awb-text-color:#005aa9;\"><h1 class=\"fusion-title-heading title-heading-left fusion-responsive-typography-calculated\" style=\"margin:0;--fontSize:36;line-height:1.39;\">Historia<\/h1><\/div><div class=\"fusion-clearfix\"><\/div><\/div><\/div><\/div><\/div><div class=\"fusion-fullwidth fullwidth-box fusion-builder-row-2 gradient-container-2 nonhundred-percent-fullwidth non-hundred-percent-height-scrolling\" style=\"--awb-border-radius-top-left:0px;--awb-border-radius-top-right:0px;--awb-border-radius-bottom-right:0px;--awb-border-radius-bottom-left:0px;--awb-flex-wrap:wrap;\" ><div class=\"fusion-builder-row fusion-row\"><div class=\"fusion-layout-column fusion_builder_column fusion-builder-column-1 fusion_builder_column_1_1 1_1 fusion-one-full fusion-column-first fusion-column-last\" style=\"--awb-bg-size:cover;--awb-margin-bottom:0px;\"><div class=\"fusion-column-wrapper fusion-column-has-shadow fusion-flex-column-wrapper-legacy\"><div class=\"fusion-title title fusion-title-2 fusion-sep-none fusion-title-text fusion-title-size-two history-title-block\" style=\"--awb-margin-bottom:0px;--awb-margin-bottom-small:0px;\"><h2 class=\"fusion-title-heading title-heading-left fusion-responsive-typography-calculated\" style=\"margin:0;--fontSize:22;line-height:1.41;\">Laboratorio digital <span class=\"history-year\">2019<\/span> para AR\/VR<\/h2><\/div><div class=\"fusion-text fusion-text-1 history-text-block\"><p>Establecimiento del Laboratorio Digital en nuestro Centro de Competencia en Rheine: Aqu\u00ed formamos a los instructores en el uso de la Realidad Aumentada y Virtual para la formaci\u00f3n profesional y la formaci\u00f3n continua.<\/p>\n<\/div><div class=\"fusion-image-element fusion-image-align-center in-legacy-container\" style=\"text-align:center;--awb-caption-title-font-family:var(--h2_typography-font-family);--awb-caption-title-font-weight:var(--h2_typography-font-weight);--awb-caption-title-font-style:var(--h2_typography-font-style);--awb-caption-title-size:var(--h2_typography-font-size);--awb-caption-title-transform:var(--h2_typography-text-transform);--awb-caption-title-line-height:var(--h2_typography-line-height);--awb-caption-title-letter-spacing:var(--h2_typography-letter-spacing);\"><div class=\"imageframe-align-center\"><span class=\" fusion-imageframe imageframe-none imageframe-1 hover-type-none history-img-block\"><img decoding=\"async\" title=\"Digi-Lab\" src=\"https:\/\/www.christiani-international.com\/cms\/wp-content\/uploads\/2019\/06\/digi-lab-1.png\" alt class=\"img-responsive wp-image-12130\"\/><\/span><\/div><\/div><div class=\"fusion-clearfix\"><\/div><\/div><\/div><\/div><\/div><div class=\"fusion-fullwidth fullwidth-box fusion-builder-row-3 gradient-container-3 nonhundred-percent-fullwidth non-hundred-percent-height-scrolling\" style=\"--awb-border-radius-top-left:0px;--awb-border-radius-top-right:0px;--awb-border-radius-bottom-right:0px;--awb-border-radius-bottom-left:0px;--awb-flex-wrap:wrap;\" ><div class=\"fusion-builder-row fusion-row\"><div class=\"fusion-layout-column fusion_builder_column fusion-builder-column-2 fusion_builder_column_1_1 1_1 fusion-one-full fusion-column-first fusion-column-last\" style=\"--awb-bg-size:cover;--awb-margin-bottom:0px;\"><div class=\"fusion-column-wrapper fusion-column-has-shadow fusion-flex-column-wrapper-legacy\"><div class=\"fusion-title title fusion-title-3 fusion-sep-none fusion-title-text fusion-title-size-two history-title-block\" style=\"--awb-margin-bottom:0px;--awb-margin-bottom-small:0px;\"><h2 class=\"fusion-title-heading title-heading-left fusion-responsive-typography-calculated\" style=\"margin:0;--fontSize:22;line-height:1.41;\">D\u00eda de los Instructores <span class=\"history-year\">2018<\/span> en China<\/h2><\/div><div class=\"fusion-text fusion-text-2 history-text-block\"><p>En Shenzhen se celebra el primer D\u00eda de los Instructores Cristianos Chinos.<\/p>\n<\/div><div class=\"fusion-image-element fusion-image-align-center in-legacy-container\" style=\"text-align:center;--awb-caption-title-font-family:var(--h2_typography-font-family);--awb-caption-title-font-weight:var(--h2_typography-font-weight);--awb-caption-title-font-style:var(--h2_typography-font-style);--awb-caption-title-size:var(--h2_typography-font-size);--awb-caption-title-transform:var(--h2_typography-text-transform);--awb-caption-title-line-height:var(--h2_typography-line-height);--awb-caption-title-letter-spacing:var(--h2_typography-letter-spacing);\"><div class=\"imageframe-align-center\"><span class=\" fusion-imageframe imageframe-none imageframe-2 hover-type-none history-img-block\"><img decoding=\"async\" title=\"Ausbildertag-China\" src=\"https:\/\/www.christiani-international.com\/cms\/wp-content\/uploads\/2019\/06\/ausbildertag-china-1.png\" alt class=\"img-responsive wp-image-12124\"\/><\/span><\/div><\/div><div class=\"fusion-clearfix\"><\/div><\/div><\/div><\/div><\/div><div class=\"fusion-fullwidth fullwidth-box fusion-builder-row-4 gradient-container-4 nonhundred-percent-fullwidth non-hundred-percent-height-scrolling\" style=\"--awb-border-radius-top-left:0px;--awb-border-radius-top-right:0px;--awb-border-radius-bottom-right:0px;--awb-border-radius-bottom-left:0px;--awb-flex-wrap:wrap;\" ><div class=\"fusion-builder-row fusion-row\"><div class=\"fusion-layout-column fusion_builder_column fusion-builder-column-3 fusion_builder_column_1_1 1_1 fusion-one-full fusion-column-first fusion-column-last\" style=\"--awb-bg-size:cover;--awb-margin-bottom:0px;\"><div class=\"fusion-column-wrapper fusion-column-has-shadow fusion-flex-column-wrapper-legacy\"><div class=\"fusion-title title fusion-title-4 fusion-sep-none fusion-title-text fusion-title-size-two history-title-block\" style=\"--awb-margin-bottom:0px;--awb-margin-bottom-small:0px;\"><h2 class=\"fusion-title-heading title-heading-left fusion-responsive-typography-calculated\" style=\"margin:0;--fontSize:22;line-height:1.41;\"><span class=\"history-year\">2018<\/span> iLernfabrik<\/h2><\/div><div class=\"fusion-text fusion-text-3 history-text-block\"><div class=\"page\" data-page-number=\"1\" data-loaded=\"true\">\n<div class=\"textLayer\">En colaboraci\u00f3n con la Escuela de Electr\u00f3nica de Tettnang, Christiani est\u00e1 desarrollando la iLernfabrik 4.0, que representa de forma realista una cadena de producci\u00f3n completa e ilustra c\u00f3mo funcionan los procesos de la Industria 4.0.<\/div>\n<\/div>\n<\/div><div class=\"fusion-image-element fusion-image-align-center in-legacy-container\" style=\"text-align:center;--awb-caption-title-font-family:var(--h2_typography-font-family);--awb-caption-title-font-weight:var(--h2_typography-font-weight);--awb-caption-title-font-style:var(--h2_typography-font-style);--awb-caption-title-size:var(--h2_typography-font-size);--awb-caption-title-transform:var(--h2_typography-text-transform);--awb-caption-title-line-height:var(--h2_typography-line-height);--awb-caption-title-letter-spacing:var(--h2_typography-letter-spacing);\"><div class=\"imageframe-align-center\"><span class=\" fusion-imageframe imageframe-none imageframe-3 hover-type-none history-img-block\"><img decoding=\"async\" title=\"ilernfabrik\" src=\"https:\/\/www.christiani-international.com\/cms\/wp-content\/uploads\/2019\/06\/ilernfabrik-1.png\" alt class=\"img-responsive wp-image-12120\"\/><\/span><\/div><\/div><div class=\"fusion-clearfix\"><\/div><\/div><\/div><\/div><\/div><div class=\"fusion-fullwidth fullwidth-box fusion-builder-row-5 gradient-container-5 nonhundred-percent-fullwidth non-hundred-percent-height-scrolling\" style=\"--awb-border-radius-top-left:0px;--awb-border-radius-top-right:0px;--awb-border-radius-bottom-right:0px;--awb-border-radius-bottom-left:0px;--awb-flex-wrap:wrap;\" ><div class=\"fusion-builder-row fusion-row\"><div class=\"fusion-layout-column fusion_builder_column fusion-builder-column-4 fusion_builder_column_1_1 1_1 fusion-one-full fusion-column-first fusion-column-last\" style=\"--awb-bg-size:cover;--awb-margin-bottom:0px;\"><div class=\"fusion-column-wrapper fusion-column-has-shadow fusion-flex-column-wrapper-legacy\"><div class=\"fusion-title title fusion-title-5 fusion-sep-none fusion-title-text fusion-title-size-two history-title-block\" style=\"--awb-margin-bottom:0px;--awb-margin-bottom-small:0px;\"><h2 class=\"fusion-title-heading title-heading-left fusion-responsive-typography-calculated\" style=\"margin:0;--fontSize:22;line-height:1.41;\"><span class=\"history-year\">2017<\/span> Ampliaci\u00f3n del Centro de Competencia en Rheine<\/h2><\/div><div class=\"fusion-text fusion-text-4 history-text-block\"><div class=\"page\" data-page-number=\"2\" data-loaded=\"true\">\n<div class=\"textLayer\">Ampliaci\u00f3n de la planta de Rheine para convertirla en un Centro de Competencia con salas de formaci\u00f3n, talleres y laboratorios de formaci\u00f3n t\u00e9cnica en 1.600 m\u00b2.<\/div>\n<\/div>\n<\/div><div class=\"fusion-image-element fusion-image-align-center in-legacy-container\" style=\"text-align:center;--awb-caption-title-font-family:var(--h2_typography-font-family);--awb-caption-title-font-weight:var(--h2_typography-font-weight);--awb-caption-title-font-style:var(--h2_typography-font-style);--awb-caption-title-size:var(--h2_typography-font-size);--awb-caption-title-transform:var(--h2_typography-text-transform);--awb-caption-title-line-height:var(--h2_typography-line-height);--awb-caption-title-letter-spacing:var(--h2_typography-letter-spacing);\"><div class=\"imageframe-align-center\"><span class=\" fusion-imageframe imageframe-none imageframe-4 hover-type-none history-img-block\"><img decoding=\"async\" title=\"Komptenzzentrum-Rheine\" src=\"https:\/\/www.christiani-international.com\/cms\/wp-content\/uploads\/2019\/06\/kompetenzzentrum-rheine-1.png\" alt class=\"img-responsive wp-image-12132\"\/><\/span><\/div><\/div><div class=\"fusion-clearfix\"><\/div><\/div><\/div><\/div><\/div><div class=\"fusion-fullwidth fullwidth-box fusion-builder-row-6 gradient-container-6 nonhundred-percent-fullwidth non-hundred-percent-height-scrolling\" style=\"--awb-border-radius-top-left:0px;--awb-border-radius-top-right:0px;--awb-border-radius-bottom-right:0px;--awb-border-radius-bottom-left:0px;--awb-flex-wrap:wrap;\" ><div class=\"fusion-builder-row fusion-row\"><div class=\"fusion-layout-column fusion_builder_column fusion-builder-column-5 fusion_builder_column_1_1 1_1 fusion-one-full fusion-column-first fusion-column-last\" style=\"--awb-bg-size:cover;--awb-margin-bottom:0px;\"><div class=\"fusion-column-wrapper fusion-column-has-shadow fusion-flex-column-wrapper-legacy\"><div class=\"fusion-title title fusion-title-6 fusion-sep-none fusion-title-text fusion-title-size-two history-title-block\" style=\"--awb-margin-bottom:0px;--awb-margin-bottom-small:0px;\"><h2 class=\"fusion-title-heading title-heading-left fusion-responsive-typography-calculated\" style=\"margin:0;--fontSize:22;line-height:1.41;\">Modelos de la industria <span class=\"history-year\">2017<\/span> para la formaci\u00f3n en tecnolog\u00eda de automatizaci\u00f3n<\/h2><\/div><div class=\"fusion-text fusion-text-5 history-text-block\"><p>Christiani se hace cargo de los modelos de simulaci\u00f3n de la empresa Staudinger, ampl\u00eda la gama y vende los sistemas de ense\u00f1anza compactos para la automatizaci\u00f3n y la programaci\u00f3n con la marca Christiani Industry Models.<\/p>\n<\/div><div class=\"fusion-image-element fusion-image-align-center in-legacy-container\" style=\"text-align:center;--awb-caption-title-font-family:var(--h2_typography-font-family);--awb-caption-title-font-weight:var(--h2_typography-font-weight);--awb-caption-title-font-style:var(--h2_typography-font-style);--awb-caption-title-size:var(--h2_typography-font-size);--awb-caption-title-transform:var(--h2_typography-text-transform);--awb-caption-title-line-height:var(--h2_typography-line-height);--awb-caption-title-letter-spacing:var(--h2_typography-letter-spacing);\"><div class=\"imageframe-align-center\"><span class=\" fusion-imageframe imageframe-none imageframe-5 hover-type-none history-img-block\"><img decoding=\"async\" title=\"automatisierung\" src=\"https:\/\/www.christiani-international.com\/cms\/wp-content\/uploads\/2019\/06\/automatisierung-1.png\" alt class=\"img-responsive wp-image-12128\"\/><\/span><\/div><\/div><div class=\"fusion-clearfix\"><\/div><\/div><\/div><\/div><\/div><div class=\"fusion-fullwidth fullwidth-box fusion-builder-row-7 gradient-container-7 nonhundred-percent-fullwidth non-hundred-percent-height-scrolling\" style=\"--awb-border-radius-top-left:0px;--awb-border-radius-top-right:0px;--awb-border-radius-bottom-right:0px;--awb-border-radius-bottom-left:0px;--awb-flex-wrap:wrap;\" ><div class=\"fusion-builder-row fusion-row\"><div class=\"fusion-layout-column fusion_builder_column fusion-builder-column-6 fusion_builder_column_1_1 1_1 fusion-one-full fusion-column-first fusion-column-last\" style=\"--awb-bg-size:cover;--awb-margin-bottom:0px;\"><div class=\"fusion-column-wrapper fusion-column-has-shadow fusion-flex-column-wrapper-legacy\"><div class=\"fusion-title title fusion-title-7 fusion-sep-none fusion-title-text fusion-title-size-two history-title-block\" style=\"--awb-margin-bottom:0px;--awb-margin-bottom-small:0px;\"><h2 class=\"fusion-title-heading title-heading-left fusion-responsive-typography-calculated\" style=\"margin:0;--fontSize:22;line-height:1.41;\"><span class=\"history-year\">2016<\/span> EMPA, Curso de Capacitaci\u00f3n sobre el Uso de Medios Digitales<\/h2><\/div><div class=\"fusion-text fusion-text-6 history-text-block\"><p>El curso en l\u00ednea &#8220;Experto en Educaci\u00f3n Medi\u00e1tica en Formaci\u00f3n (EMPA)&#8221; es el resultado de un proyecto financiado por el Ministerio Federal de Educaci\u00f3n e Investigaci\u00f3n (BMBF) en 2016.<\/p>\n<\/div><div class=\"fusion-image-element fusion-image-align-center in-legacy-container\" style=\"text-align:center;--awb-caption-title-font-family:var(--h2_typography-font-family);--awb-caption-title-font-weight:var(--h2_typography-font-weight);--awb-caption-title-font-style:var(--h2_typography-font-style);--awb-caption-title-size:var(--h2_typography-font-size);--awb-caption-title-transform:var(--h2_typography-text-transform);--awb-caption-title-line-height:var(--h2_typography-line-height);--awb-caption-title-letter-spacing:var(--h2_typography-letter-spacing);\"><div class=\"imageframe-align-center\"><span class=\" fusion-imageframe imageframe-none imageframe-6 hover-type-none history-img-block\"><img decoding=\"async\" title=\"empa\" src=\"https:\/\/www.christiani-international.com\/cms\/wp-content\/uploads\/2019\/06\/empa-1.png\" alt class=\"img-responsive wp-image-12126\"\/><\/span><\/div><\/div><div class=\"fusion-clearfix\"><\/div><\/div><\/div><\/div><\/div><div class=\"fusion-fullwidth fullwidth-box fusion-builder-row-8 gradient-container-8 nonhundred-percent-fullwidth non-hundred-percent-height-scrolling\" style=\"--awb-border-radius-top-left:0px;--awb-border-radius-top-right:0px;--awb-border-radius-bottom-right:0px;--awb-border-radius-bottom-left:0px;--awb-flex-wrap:wrap;\" ><div class=\"fusion-builder-row fusion-row\"><div class=\"fusion-layout-column fusion_builder_column fusion-builder-column-7 fusion_builder_column_1_1 1_1 fusion-one-full fusion-column-first fusion-column-last\" style=\"--awb-bg-size:cover;--awb-margin-bottom:0px;\"><div class=\"fusion-column-wrapper fusion-column-has-shadow fusion-flex-column-wrapper-legacy\"><div class=\"fusion-title title fusion-title-8 fusion-sep-none fusion-title-text fusion-title-size-two history-title-block\" style=\"--awb-margin-bottom:0px;--awb-margin-bottom-small:0px;\"><h2 class=\"fusion-title-heading title-heading-left fusion-responsive-typography-calculated\" style=\"margin:0;--fontSize:22;line-height:1.41;\"><span class=\"history-year\">2015<\/span> MOLA-App<\/h2><\/div><div class=\"fusion-text fusion-text-7 history-text-block\"><p>Christiani desarrolla su primera aplicaci\u00f3n m\u00f3vil de aprendizaje en l\u00ednea, MOLA.<\/p>\n<\/div><div class=\"fusion-image-element fusion-image-align-center in-legacy-container\" style=\"text-align:center;--awb-caption-title-font-family:var(--h2_typography-font-family);--awb-caption-title-font-weight:var(--h2_typography-font-weight);--awb-caption-title-font-style:var(--h2_typography-font-style);--awb-caption-title-size:var(--h2_typography-font-size);--awb-caption-title-transform:var(--h2_typography-text-transform);--awb-caption-title-line-height:var(--h2_typography-line-height);--awb-caption-title-letter-spacing:var(--h2_typography-letter-spacing);\"><div class=\"imageframe-align-center\"><span class=\" fusion-imageframe imageframe-none imageframe-7 hover-type-none history-img-block\"><img decoding=\"async\" title=\"MOLA-APP\" src=\"https:\/\/www.christiani-international.com\/cms\/wp-content\/uploads\/2019\/06\/mola-app-1.png\" alt class=\"img-responsive wp-image-12122\"\/><\/span><\/div><\/div><div class=\"fusion-clearfix\"><\/div><\/div><\/div><\/div><\/div><div class=\"fusion-fullwidth fullwidth-box fusion-builder-row-9 gradient-container-9 nonhundred-percent-fullwidth non-hundred-percent-height-scrolling\" style=\"--awb-border-radius-top-left:0px;--awb-border-radius-top-right:0px;--awb-border-radius-bottom-right:0px;--awb-border-radius-bottom-left:0px;--awb-flex-wrap:wrap;\" ><div class=\"fusion-builder-row fusion-row\"><div class=\"fusion-layout-column fusion_builder_column fusion-builder-column-8 fusion_builder_column_1_1 1_1 fusion-one-full fusion-column-first fusion-column-last\" style=\"--awb-bg-size:cover;--awb-margin-bottom:0px;\"><div class=\"fusion-column-wrapper fusion-column-has-shadow fusion-flex-column-wrapper-legacy\"><div class=\"fusion-title title fusion-title-9 fusion-sep-none fusion-title-text fusion-title-size-two history-title-block\" style=\"--awb-margin-bottom:0px;--awb-margin-bottom-small:0px;\"><h2 class=\"fusion-title-heading title-heading-left fusion-responsive-typography-calculated\" style=\"margin:0;--fontSize:22;line-height:1.41;\"><span class=\"history-year\">2015<\/span> Nuevos Libros de Mesa<\/h2><\/div><div class=\"fusion-text fusion-text-8 history-text-block\"><p>Christiani publica un nuevo libro de mesa para la tecnolog\u00eda del metal.<br \/>\nEl nuevo libro de mesa tambi\u00e9n est\u00e1 disponible en ingl\u00e9s y espa\u00f1ol.<\/p>\n<\/div><div class=\"fusion-image-element fusion-image-align-center in-legacy-container\" style=\"text-align:center;--awb-caption-title-font-family:var(--h2_typography-font-family);--awb-caption-title-font-weight:var(--h2_typography-font-weight);--awb-caption-title-font-style:var(--h2_typography-font-style);--awb-caption-title-size:var(--h2_typography-font-size);--awb-caption-title-transform:var(--h2_typography-text-transform);--awb-caption-title-line-height:var(--h2_typography-line-height);--awb-caption-title-letter-spacing:var(--h2_typography-letter-spacing);\"><div class=\"imageframe-align-center\"><span class=\" fusion-imageframe imageframe-none imageframe-8 hover-type-none history-img-block\"><img decoding=\"async\" title=\"tabellenbuecher\" src=\"https:\/\/www.christiani-international.com\/cms\/wp-content\/uploads\/2019\/06\/tabellenbuecher-1.png\" alt class=\"img-responsive wp-image-12118\"\/><\/span><\/div><\/div><div class=\"fusion-clearfix\"><\/div><\/div><\/div><\/div><\/div><div class=\"fusion-fullwidth fullwidth-box fusion-builder-row-10 gradient-container-10 nonhundred-percent-fullwidth non-hundred-percent-height-scrolling\" style=\"--awb-border-radius-top-left:0px;--awb-border-radius-top-right:0px;--awb-border-radius-bottom-right:0px;--awb-border-radius-bottom-left:0px;--awb-flex-wrap:wrap;\" ><div class=\"fusion-builder-row fusion-row\"><div class=\"fusion-layout-column fusion_builder_column fusion-builder-column-9 fusion_builder_column_1_1 1_1 fusion-one-full fusion-column-first fusion-column-last\" style=\"--awb-bg-size:cover;--awb-margin-bottom:0px;\"><div class=\"fusion-column-wrapper fusion-column-has-shadow fusion-flex-column-wrapper-legacy\"><div class=\"fusion-title title fusion-title-10 fusion-sep-none fusion-title-text fusion-title-size-two history-title-block\" style=\"--awb-margin-bottom:0px;--awb-margin-bottom-small:0px;\"><h2 class=\"fusion-title-heading title-heading-left fusion-responsive-typography-calculated\" style=\"margin:0;--fontSize:22;line-height:1.41;\"><span class=\"history-year\">2009<\/span> La escuela se encuentra con la tecnolog\u00eda<\/h2><\/div><div class=\"fusion-text fusion-text-9 history-text-block\"><p>La gama de productos para escuelas de educaci\u00f3n general se presenta bajo el lema &#8220;School Meets Technology&#8221;<\/p>\n<\/div><div class=\"fusion-image-element fusion-image-align-center in-legacy-container\" style=\"text-align:center;--awb-caption-title-font-family:var(--h2_typography-font-family);--awb-caption-title-font-weight:var(--h2_typography-font-weight);--awb-caption-title-font-style:var(--h2_typography-font-style);--awb-caption-title-size:var(--h2_typography-font-size);--awb-caption-title-transform:var(--h2_typography-text-transform);--awb-caption-title-line-height:var(--h2_typography-line-height);--awb-caption-title-letter-spacing:var(--h2_typography-letter-spacing);\"><div class=\"imageframe-align-center\"><span class=\" fusion-imageframe imageframe-none imageframe-9 hover-type-none history-img-block\"><img decoding=\"async\" title=\"Schule-Trifft-Technik\" src=\"https:\/\/www.christiani-international.com\/cms\/wp-content\/uploads\/2019\/06\/schule-trifft-technik-1.png\" alt class=\"img-responsive wp-image-12112\"\/><\/span><\/div><\/div><div class=\"fusion-clearfix\"><\/div><\/div><\/div><\/div><\/div><div class=\"fusion-fullwidth fullwidth-box fusion-builder-row-11 gradient-container-11 nonhundred-percent-fullwidth non-hundred-percent-height-scrolling\" style=\"--awb-border-radius-top-left:0px;--awb-border-radius-top-right:0px;--awb-border-radius-bottom-right:0px;--awb-border-radius-bottom-left:0px;--awb-flex-wrap:wrap;\" ><div class=\"fusion-builder-row fusion-row\"><div class=\"fusion-layout-column fusion_builder_column fusion-builder-column-10 fusion_builder_column_1_1 1_1 fusion-one-full fusion-column-first fusion-column-last\" style=\"--awb-bg-size:cover;--awb-margin-bottom:0px;\"><div class=\"fusion-column-wrapper fusion-column-has-shadow fusion-flex-column-wrapper-legacy\"><div class=\"fusion-title title fusion-title-11 fusion-sep-none fusion-title-text fusion-title-size-two history-title-block\" style=\"--awb-margin-bottom:0px;--awb-margin-bottom-small:0px;\"><h2 class=\"fusion-title-heading title-heading-left fusion-responsive-typography-calculated\" style=\"margin:0;--fontSize:22;line-height:1.41;\"><span class=\"history-year\">2008<\/span> Sucursal en Rheine<\/h2><\/div><div class=\"fusion-text fusion-text-10 history-text-block\"><p>Se establece una nueva sucursal en Rheine-Mesum.<\/p>\n<\/div><div class=\"fusion-image-element fusion-image-align-center in-legacy-container\" style=\"text-align:center;--awb-caption-title-font-family:var(--h2_typography-font-family);--awb-caption-title-font-weight:var(--h2_typography-font-weight);--awb-caption-title-font-style:var(--h2_typography-font-style);--awb-caption-title-size:var(--h2_typography-font-size);--awb-caption-title-transform:var(--h2_typography-text-transform);--awb-caption-title-line-height:var(--h2_typography-line-height);--awb-caption-title-letter-spacing:var(--h2_typography-letter-spacing);\"><div class=\"imageframe-align-center\"><span class=\" fusion-imageframe imageframe-none imageframe-10 hover-type-none history-img-block\"><img decoding=\"async\" title=\"2017-Kompetenzzentrum Rheine\" src=\"https:\/\/www.christiani-international.com\/cms\/wp-content\/uploads\/2019\/07\/2017-Kompetenzzentrum-Rheine-2.jpg\" alt class=\"img-responsive wp-image-12034\"\/><\/span><\/div><\/div><div class=\"fusion-clearfix\"><\/div><\/div><\/div><\/div><\/div><div class=\"fusion-fullwidth fullwidth-box fusion-builder-row-12 gradient-container-12 nonhundred-percent-fullwidth non-hundred-percent-height-scrolling\" style=\"--awb-border-radius-top-left:0px;--awb-border-radius-top-right:0px;--awb-border-radius-bottom-right:0px;--awb-border-radius-bottom-left:0px;--awb-flex-wrap:wrap;\" ><div class=\"fusion-builder-row fusion-row\"><div class=\"fusion-layout-column fusion_builder_column fusion-builder-column-11 fusion_builder_column_1_1 1_1 fusion-one-full fusion-column-first fusion-column-last\" style=\"--awb-bg-size:cover;--awb-margin-bottom:0px;\"><div class=\"fusion-column-wrapper fusion-column-has-shadow fusion-flex-column-wrapper-legacy\"><div class=\"fusion-title title fusion-title-12 fusion-sep-none fusion-title-text fusion-title-size-two history-title-block\" style=\"--awb-margin-bottom:0px;--awb-margin-bottom-small:0px;\"><h2 class=\"fusion-title-heading title-heading-left fusion-responsive-typography-calculated\" style=\"margin:0;--fontSize:22;line-height:1.41;\"><span class=\"history-year\">2008<\/span> Joint Venture con Sharpline, India.<\/h2><\/div><div class=\"fusion-text fusion-text-11 history-text-block\"><p>Joint venture con la empresa Sharpline, India.<\/p>\n<\/div><div class=\"fusion-image-element fusion-image-align-center in-legacy-container\" style=\"text-align:center;--awb-caption-title-font-family:var(--h2_typography-font-family);--awb-caption-title-font-weight:var(--h2_typography-font-weight);--awb-caption-title-font-style:var(--h2_typography-font-style);--awb-caption-title-size:var(--h2_typography-font-size);--awb-caption-title-transform:var(--h2_typography-text-transform);--awb-caption-title-line-height:var(--h2_typography-line-height);--awb-caption-title-letter-spacing:var(--h2_typography-letter-spacing);\"><div class=\"imageframe-align-center\"><span class=\" fusion-imageframe imageframe-none imageframe-11 hover-type-none history-img-block\"><img decoding=\"async\" title=\"2008 Joint-Venture\" src=\"https:\/\/www.christiani-international.com\/cms\/wp-content\/uploads\/2019\/07\/2008-Joint-Venture-2.jpg\" alt class=\"img-responsive wp-image-12030\"\/><\/span><\/div><\/div><div class=\"fusion-clearfix\"><\/div><\/div><\/div><\/div><\/div><div class=\"fusion-fullwidth fullwidth-box fusion-builder-row-13 gradient-container-13 nonhundred-percent-fullwidth non-hundred-percent-height-scrolling\" style=\"--awb-border-radius-top-left:0px;--awb-border-radius-top-right:0px;--awb-border-radius-bottom-right:0px;--awb-border-radius-bottom-left:0px;--awb-flex-wrap:wrap;\" ><div class=\"fusion-builder-row fusion-row\"><div class=\"fusion-layout-column fusion_builder_column fusion-builder-column-12 fusion_builder_column_1_1 1_1 fusion-one-full fusion-column-first fusion-column-last\" style=\"--awb-bg-size:cover;--awb-margin-bottom:0px;\"><div class=\"fusion-column-wrapper fusion-column-has-shadow fusion-flex-column-wrapper-legacy\"><div class=\"fusion-title title fusion-title-13 fusion-sep-none fusion-title-text fusion-title-size-two history-title-block\" style=\"--awb-margin-bottom:0px;--awb-margin-bottom-small:0px;\"><h2 class=\"fusion-title-heading title-heading-left fusion-responsive-typography-calculated\" style=\"margin:0;--fontSize:22;line-height:1.41;\"><span class=\"history-year\">2007<\/span> Proveedor de servicios completos para la formaci\u00f3n t\u00e9cnica y continua<\/h2><\/div><div class=\"fusion-text fusion-text-12 history-text-block\"><div class=\"page\" data-page-number=\"5\" data-loaded=\"true\">\n<div class=\"textLayer\">  Con un alto nivel de experiencia y una amplia gama de productos, Christiani se ha establecido como uno de los principales proveedores de servicios completos de materiales did\u00e1cticos y sistemas de ense\u00f1anza.<br \/>\nChristiani ofrece laboratorios completos de capacitaci\u00f3n t\u00e9cnica, desde consultor\u00eda y dise\u00f1o hasta implementaci\u00f3n y equipamiento, incluida la capacitaci\u00f3n de capacitadores.   <\/p>\n<div class=\"endOfContent\"><\/div>\n<\/div>\n<\/div>\n<div class=\"page\" data-page-number=\"6\" data-loaded=\"true\">\n<div class=\"canvasWrapper\"><\/div>\n<div class=\"textLayer\"><\/div>\n<\/div>\n<\/div><div class=\"fusion-image-element fusion-image-align-center in-legacy-container\" style=\"text-align:center;--awb-caption-title-font-family:var(--h2_typography-font-family);--awb-caption-title-font-weight:var(--h2_typography-font-weight);--awb-caption-title-font-style:var(--h2_typography-font-style);--awb-caption-title-size:var(--h2_typography-font-size);--awb-caption-title-transform:var(--h2_typography-text-transform);--awb-caption-title-line-height:var(--h2_typography-line-height);--awb-caption-title-letter-spacing:var(--h2_typography-letter-spacing);\"><div class=\"imageframe-align-center\"><span class=\" fusion-imageframe imageframe-none imageframe-12 hover-type-none history-img-block\"><img decoding=\"async\" title=\"2008 Komplettanbieter technische Aus-Weiterbildung\" src=\"https:\/\/www.christiani-international.com\/cms\/wp-content\/uploads\/2019\/07\/2008-Komplettanbieter-technische-Aus-Weiterbildung-2.jpg\" alt class=\"img-responsive wp-image-12026\"\/><\/span><\/div><\/div><div class=\"fusion-clearfix\"><\/div><\/div><\/div><\/div><\/div><div class=\"fusion-fullwidth fullwidth-box fusion-builder-row-14 gradient-container-14 nonhundred-percent-fullwidth non-hundred-percent-height-scrolling\" style=\"--awb-border-radius-top-left:0px;--awb-border-radius-top-right:0px;--awb-border-radius-bottom-right:0px;--awb-border-radius-bottom-left:0px;--awb-flex-wrap:wrap;\" ><div class=\"fusion-builder-row fusion-row\"><div class=\"fusion-layout-column fusion_builder_column fusion-builder-column-13 fusion_builder_column_1_1 1_1 fusion-one-full fusion-column-first fusion-column-last\" style=\"--awb-bg-size:cover;--awb-margin-bottom:0px;\"><div class=\"fusion-column-wrapper fusion-column-has-shadow fusion-flex-column-wrapper-legacy\"><div class=\"fusion-title title fusion-title-14 fusion-sep-none fusion-title-text fusion-title-size-two history-title-block\" style=\"--awb-margin-bottom:0px;--awb-margin-bottom-small:0px;\"><h2 class=\"fusion-title-heading title-heading-left fusion-responsive-typography-calculated\" style=\"margin:0;--fontSize:22;line-height:1.41;\"><span class=\"history-year\">2004<\/span> Academia Christiani<\/h2><\/div><div class=\"fusion-text fusion-text-13 history-text-block\"><p>La reci\u00e9n creada Academia Christiani concentra todas las medidas de cualificaci\u00f3n para la formaci\u00f3n continua.<\/p>\n<\/div><div class=\"fusion-image-element fusion-image-align-center in-legacy-container\" style=\"text-align:center;--awb-caption-title-font-family:var(--h2_typography-font-family);--awb-caption-title-font-weight:var(--h2_typography-font-weight);--awb-caption-title-font-style:var(--h2_typography-font-style);--awb-caption-title-size:var(--h2_typography-font-size);--awb-caption-title-transform:var(--h2_typography-text-transform);--awb-caption-title-line-height:var(--h2_typography-line-height);--awb-caption-title-letter-spacing:var(--h2_typography-letter-spacing);\"><div class=\"imageframe-align-center\"><span class=\" fusion-imageframe imageframe-none imageframe-13 hover-type-none history-img-block\"><img decoding=\"async\" title=\"2004 Akademie\" src=\"https:\/\/www.christiani-international.com\/cms\/wp-content\/uploads\/2019\/07\/2004-Akademie-2.jpg\" alt class=\"img-responsive wp-image-12022\"\/><\/span><\/div><\/div><div class=\"fusion-clearfix\"><\/div><\/div><\/div><\/div><\/div><div class=\"fusion-fullwidth fullwidth-box fusion-builder-row-15 gradient-container-15 nonhundred-percent-fullwidth non-hundred-percent-height-scrolling\" style=\"--awb-border-radius-top-left:0px;--awb-border-radius-top-right:0px;--awb-border-radius-bottom-right:0px;--awb-border-radius-bottom-left:0px;--awb-flex-wrap:wrap;\" ><div class=\"fusion-builder-row fusion-row\"><div class=\"fusion-layout-column fusion_builder_column fusion-builder-column-14 fusion_builder_column_1_1 1_1 fusion-one-full fusion-column-first fusion-column-last\" style=\"--awb-bg-size:cover;--awb-margin-bottom:0px;\"><div class=\"fusion-column-wrapper fusion-column-has-shadow fusion-flex-column-wrapper-legacy\"><div class=\"fusion-title title fusion-title-15 fusion-sep-none fusion-title-text fusion-title-size-two history-title-block\" style=\"--awb-margin-bottom:0px;--awb-margin-bottom-small:0px;\"><h2 class=\"fusion-title-heading title-heading-left fusion-responsive-typography-calculated\" style=\"margin:0;--fontSize:22;line-height:1.41;\"><span class=\"history-year\">2002<\/span> Plataforma de E-Learning<\/h2><\/div><div class=\"fusion-text fusion-text-14 history-text-block\"><div class=\"page\" data-page-number=\"6\" data-loaded=\"true\">\n<div class=\"textLayer\">  Como inicio en el aprendizaje digital, Christiani crea una plataforma de aprendizaje electr\u00f3nico para los clientes.<br \/>\nAdem\u00e1s de las capacitaciones basadas en la web, la plataforma tambi\u00e9n ofrece soporte para cursos.   <\/p>\n<div class=\"endOfContent\"><\/div>\n<\/div>\n<\/div>\n<div class=\"page\" data-page-number=\"7\" data-loaded=\"true\">\n<div class=\"canvasWrapper\"><\/div>\n<div class=\"textLayer\"><\/div>\n<\/div>\n<\/div><div class=\"fusion-image-element fusion-image-align-center in-legacy-container\" style=\"text-align:center;--awb-caption-title-font-family:var(--h2_typography-font-family);--awb-caption-title-font-weight:var(--h2_typography-font-weight);--awb-caption-title-font-style:var(--h2_typography-font-style);--awb-caption-title-size:var(--h2_typography-font-size);--awb-caption-title-transform:var(--h2_typography-text-transform);--awb-caption-title-line-height:var(--h2_typography-line-height);--awb-caption-title-letter-spacing:var(--h2_typography-letter-spacing);\"><div class=\"imageframe-align-center\"><span class=\" fusion-imageframe imageframe-none imageframe-14 hover-type-none history-img-block\"><img decoding=\"async\" title=\"2002 Plataforma de E-Learning\" src=\"https:\/\/www.christiani-international.com\/cms\/wp-content\/uploads\/2019\/07\/2002-E-Learning-Plattform-2.jpg\" alt class=\"img-responsive wp-image-12036\"\/><\/span><\/div><\/div><div class=\"fusion-clearfix\"><\/div><\/div><\/div><\/div><\/div><div class=\"fusion-fullwidth fullwidth-box fusion-builder-row-16 gradient-container-16 nonhundred-percent-fullwidth non-hundred-percent-height-scrolling\" style=\"--awb-border-radius-top-left:0px;--awb-border-radius-top-right:0px;--awb-border-radius-bottom-right:0px;--awb-border-radius-bottom-left:0px;--awb-flex-wrap:wrap;\" ><div class=\"fusion-builder-row fusion-row\"><div class=\"fusion-layout-column fusion_builder_column fusion-builder-column-15 fusion_builder_column_1_1 1_1 fusion-one-full fusion-column-first fusion-column-last\" style=\"--awb-bg-size:cover;--awb-margin-bottom:0px;\"><div class=\"fusion-column-wrapper fusion-column-has-shadow fusion-flex-column-wrapper-legacy\"><div class=\"fusion-title title fusion-title-16 fusion-sep-none fusion-title-text fusion-title-size-two history-title-block\" style=\"--awb-margin-bottom:0px;--awb-margin-bottom-small:0px;\"><h2 class=\"fusion-title-heading title-heading-left fusion-responsive-typography-calculated\" style=\"margin:0;--fontSize:22;line-height:1.41;\"><span class=\"history-year\">2002<\/span> Adquisici\u00f3n de la empresa AMD<\/h2><\/div><div class=\"fusion-text fusion-text-15 history-text-block\"><p>Desde 1996, AMD suministra productos semiacabados y piezas est\u00e1ndar para Christiani.<br \/>\nDespu\u00e9s de la adquisici\u00f3n, AMD se convirti\u00f3 en Christiani Produktions GmbH y se traslad\u00f3 a la nueva ubicaci\u00f3n en Gottmadingen.<\/p>\n<\/div><div class=\"fusion-image-element fusion-image-align-center in-legacy-container\" style=\"text-align:center;--awb-caption-title-font-family:var(--h2_typography-font-family);--awb-caption-title-font-weight:var(--h2_typography-font-weight);--awb-caption-title-font-style:var(--h2_typography-font-style);--awb-caption-title-size:var(--h2_typography-font-size);--awb-caption-title-transform:var(--h2_typography-text-transform);--awb-caption-title-line-height:var(--h2_typography-line-height);--awb-caption-title-letter-spacing:var(--h2_typography-letter-spacing);\"><div class=\"imageframe-align-center\"><span class=\" fusion-imageframe imageframe-none imageframe-15 hover-type-none history-img-block\"><img decoding=\"async\" title=\"2002 Uebernahme AMD\" src=\"https:\/\/www.christiani-international.com\/cms\/wp-content\/uploads\/2019\/07\/2002-Uebernahme-AMD-1.jpg\" alt class=\"img-responsive wp-image-11988\"\/><\/span><\/div><\/div><div class=\"fusion-clearfix\"><\/div><\/div><\/div><\/div><\/div><div class=\"fusion-fullwidth fullwidth-box fusion-builder-row-17 gradient-container-17 nonhundred-percent-fullwidth non-hundred-percent-height-scrolling\" style=\"--awb-border-radius-top-left:0px;--awb-border-radius-top-right:0px;--awb-border-radius-bottom-right:0px;--awb-border-radius-bottom-left:0px;--awb-flex-wrap:wrap;\" ><div class=\"fusion-builder-row fusion-row\"><div class=\"fusion-layout-column fusion_builder_column fusion-builder-column-16 fusion_builder_column_1_1 1_1 fusion-one-full fusion-column-first fusion-column-last\" style=\"--awb-bg-size:cover;--awb-margin-bottom:0px;\"><div class=\"fusion-column-wrapper fusion-column-has-shadow fusion-flex-column-wrapper-legacy\"><div class=\"fusion-title title fusion-title-17 fusion-sep-none fusion-title-text fusion-title-size-two history-title-block\" style=\"--awb-margin-bottom:0px;--awb-margin-bottom-small:0px;\"><h2 class=\"fusion-title-heading title-heading-left fusion-responsive-typography-calculated\" style=\"margin:0;--fontSize:22;line-height:1.41;\"><span class=\"history-year\">2001<\/span> Christiani se expande al extranjero<\/h2><\/div><div class=\"fusion-text fusion-text-16 history-text-block\"><p>Christiani funda su propio departamento de gesti\u00f3n de exportaciones.<br \/>\nLos productos Christiani ya se utilizan en m\u00e1s de 60 pa\u00edses de todo el mundo.<br \/>\nLa gama de productos est\u00e1 disponible en varios idiomas.<\/p>\n<\/div><div class=\"fusion-image-element fusion-image-align-center in-legacy-container\" style=\"text-align:center;--awb-caption-title-font-family:var(--h2_typography-font-family);--awb-caption-title-font-weight:var(--h2_typography-font-weight);--awb-caption-title-font-style:var(--h2_typography-font-style);--awb-caption-title-size:var(--h2_typography-font-size);--awb-caption-title-transform:var(--h2_typography-text-transform);--awb-caption-title-line-height:var(--h2_typography-line-height);--awb-caption-title-letter-spacing:var(--h2_typography-letter-spacing);\"><div class=\"imageframe-align-center\"><span class=\" fusion-imageframe imageframe-none imageframe-16 hover-type-none history-img-block\"><img decoding=\"async\" title=\"2001 Expansi\u00f3n Ausland\" src=\"https:\/\/www.christiani-international.com\/cms\/wp-content\/uploads\/2019\/07\/2001-Expansion-Ausland-2.jpg\" alt class=\"img-responsive wp-image-12032\"\/><\/span><\/div><\/div><div class=\"fusion-clearfix\"><\/div><\/div><\/div><\/div><\/div><div class=\"fusion-fullwidth fullwidth-box fusion-builder-row-18 gradient-container-18 nonhundred-percent-fullwidth non-hundred-percent-height-scrolling\" style=\"--awb-border-radius-top-left:0px;--awb-border-radius-top-right:0px;--awb-border-radius-bottom-right:0px;--awb-border-radius-bottom-left:0px;--awb-flex-wrap:wrap;\" ><div class=\"fusion-builder-row fusion-row\"><div class=\"fusion-layout-column fusion_builder_column fusion-builder-column-17 fusion_builder_column_1_1 1_1 fusion-one-full fusion-column-first fusion-column-last\" style=\"--awb-bg-size:cover;--awb-margin-bottom:0px;\"><div class=\"fusion-column-wrapper fusion-column-has-shadow fusion-flex-column-wrapper-legacy\"><div class=\"fusion-title title fusion-title-18 fusion-sep-none fusion-title-text fusion-title-size-two history-title-block\" style=\"--awb-margin-bottom:0px;--awb-margin-bottom-small:0px;\"><h2 class=\"fusion-title-heading title-heading-left fusion-responsive-typography-calculated\" style=\"margin:0;--fontSize:22;line-height:1.41;\"><span class=\"history-year\">2000<\/span> Sucursal en Berl\u00edn<\/h2><\/div><div class=\"fusion-text fusion-text-17 history-text-block\"><p style=\"text-align: left;\">Christiani establece una sucursal en Berl\u00edn.<\/p>\n<\/div><div class=\"fusion-image-element fusion-image-align-center in-legacy-container\" style=\"text-align:center;--awb-caption-title-font-family:var(--h2_typography-font-family);--awb-caption-title-font-weight:var(--h2_typography-font-weight);--awb-caption-title-font-style:var(--h2_typography-font-style);--awb-caption-title-size:var(--h2_typography-font-size);--awb-caption-title-transform:var(--h2_typography-text-transform);--awb-caption-title-line-height:var(--h2_typography-line-height);--awb-caption-title-letter-spacing:var(--h2_typography-letter-spacing);\"><div class=\"imageframe-align-center\"><span class=\" fusion-imageframe imageframe-none imageframe-17 hover-type-none history-img-block\"><img decoding=\"async\" title=\"2000 Niederlassung Berlin\" src=\"https:\/\/www.christiani-international.com\/cms\/wp-content\/uploads\/2019\/07\/2000-Niederlassung-Berlin-2.jpg\" alt class=\"img-responsive wp-image-12028\"\/><\/span><\/div><\/div><div class=\"fusion-clearfix\"><\/div><\/div><\/div><\/div><\/div><div class=\"fusion-fullwidth fullwidth-box fusion-builder-row-19 gradient-container-19 nonhundred-percent-fullwidth non-hundred-percent-height-scrolling\" style=\"--awb-border-radius-top-left:0px;--awb-border-radius-top-right:0px;--awb-border-radius-bottom-right:0px;--awb-border-radius-bottom-left:0px;--awb-flex-wrap:wrap;\" ><div class=\"fusion-builder-row fusion-row\"><div class=\"fusion-layout-column fusion_builder_column fusion-builder-column-18 fusion_builder_column_1_1 1_1 fusion-one-full fusion-column-first fusion-column-last\" style=\"--awb-bg-size:cover;--awb-margin-bottom:0px;\"><div class=\"fusion-column-wrapper fusion-column-has-shadow fusion-flex-column-wrapper-legacy\"><div class=\"fusion-title title fusion-title-19 fusion-sep-none fusion-title-text fusion-title-size-two history-title-block\" style=\"--awb-margin-bottom:0px;--awb-margin-bottom-small:0px;\"><h2 class=\"fusion-title-heading title-heading-left fusion-responsive-typography-calculated\" style=\"margin:0;--fontSize:22;line-height:1.41;\"><span class=\"history-year\">2000<\/span> Pionero: Cooperaci\u00f3n BIBB<\/h2><\/div><div class=\"fusion-text fusion-text-18 history-text-block\"><p>Cooperaci\u00f3n con el BIBB (Instituto Federal de Educaci\u00f3n y Formaci\u00f3n Profesional).<br \/>\nChristiani es responsable de la actualizaci\u00f3n y comercializaci\u00f3n de todos los medios BIBB utilizados en la formaci\u00f3n pr\u00e1ctica.<\/p>\n<\/div><div class=\"fusion-image-element fusion-image-align-center in-legacy-container\" style=\"text-align:center;--awb-caption-title-font-family:var(--h2_typography-font-family);--awb-caption-title-font-weight:var(--h2_typography-font-weight);--awb-caption-title-font-style:var(--h2_typography-font-style);--awb-caption-title-size:var(--h2_typography-font-size);--awb-caption-title-transform:var(--h2_typography-text-transform);--awb-caption-title-line-height:var(--h2_typography-line-height);--awb-caption-title-letter-spacing:var(--h2_typography-letter-spacing);\"><div class=\"imageframe-align-center\"><span class=\" fusion-imageframe imageframe-none imageframe-18 hover-type-none history-img-block\"><img decoding=\"async\" title=\"2000 BiBB-Kooperation\" src=\"https:\/\/www.christiani-international.com\/cms\/wp-content\/uploads\/2019\/07\/2000-BiBB-Kooperation-2.jpg\" alt class=\"img-responsive wp-image-12024\"\/><\/span><\/div><\/div><div class=\"fusion-clearfix\"><\/div><\/div><\/div><\/div><\/div><div class=\"fusion-fullwidth fullwidth-box fusion-builder-row-20 gradient-container-20 nonhundred-percent-fullwidth non-hundred-percent-height-scrolling\" style=\"--awb-border-radius-top-left:0px;--awb-border-radius-top-right:0px;--awb-border-radius-bottom-right:0px;--awb-border-radius-bottom-left:0px;--awb-flex-wrap:wrap;\" ><div class=\"fusion-builder-row fusion-row\"><div class=\"fusion-layout-column fusion_builder_column fusion-builder-column-19 fusion_builder_column_1_1 1_1 fusion-one-full fusion-column-first fusion-column-last\" style=\"--awb-bg-size:cover;--awb-margin-bottom:0px;\"><div class=\"fusion-column-wrapper fusion-column-has-shadow fusion-flex-column-wrapper-legacy\"><div class=\"fusion-title title fusion-title-20 fusion-sep-none fusion-title-text fusion-title-size-two history-title-block\" style=\"--awb-margin-bottom:0px;--awb-margin-bottom-small:0px;\"><h2 class=\"fusion-title-heading title-heading-left fusion-responsive-typography-calculated\" style=\"margin:0;--fontSize:22;line-height:1.41;\"><span class=\"history-year\">2000<\/span> El primer D\u00eda de los Instructores<\/h2><\/div><div class=\"fusion-text fusion-text-19 history-text-block\"><p>El primer d\u00eda de los instructores tiene lugar en Constanza.<br \/>\nCon 80 participantes de toda Alemania.<\/p>\n<\/div><div class=\"fusion-image-element fusion-image-align-center in-legacy-container\" style=\"text-align:center;--awb-caption-title-font-family:var(--h2_typography-font-family);--awb-caption-title-font-weight:var(--h2_typography-font-weight);--awb-caption-title-font-style:var(--h2_typography-font-style);--awb-caption-title-size:var(--h2_typography-font-size);--awb-caption-title-transform:var(--h2_typography-text-transform);--awb-caption-title-line-height:var(--h2_typography-line-height);--awb-caption-title-letter-spacing:var(--h2_typography-letter-spacing);\"><div class=\"imageframe-align-center\"><span class=\" fusion-imageframe imageframe-none imageframe-19 hover-type-none history-img-block\"><img decoding=\"async\" title=\"2000 Erster Ausbildertag\" src=\"https:\/\/www.christiani-international.com\/cms\/wp-content\/uploads\/2019\/07\/2000-Erster-Ausbildertag-2.jpg\" alt class=\"img-responsive wp-image-12020\"\/><\/span><\/div><\/div><div class=\"fusion-clearfix\"><\/div><\/div><\/div><\/div><\/div><div class=\"fusion-fullwidth fullwidth-box fusion-builder-row-21 gradient-container-21 nonhundred-percent-fullwidth non-hundred-percent-height-scrolling\" style=\"--awb-border-radius-top-left:0px;--awb-border-radius-top-right:0px;--awb-border-radius-bottom-right:0px;--awb-border-radius-bottom-left:0px;--awb-flex-wrap:wrap;\" ><div class=\"fusion-builder-row fusion-row\"><div class=\"fusion-layout-column fusion_builder_column fusion-builder-column-20 fusion_builder_column_1_1 1_1 fusion-one-full fusion-column-first fusion-column-last\" style=\"--awb-bg-size:cover;--awb-margin-bottom:0px;\"><div class=\"fusion-column-wrapper fusion-column-has-shadow fusion-flex-column-wrapper-legacy\"><div class=\"fusion-title title fusion-title-21 fusion-sep-none fusion-title-text fusion-title-size-two history-title-block\" style=\"--awb-margin-bottom:0px;--awb-margin-bottom-small:0px;\"><h2 class=\"fusion-title-heading title-heading-left fusion-responsive-typography-calculated\" style=\"margin:0;--fontSize:22;line-height:1.41;\"><span class=\"history-year\">1998<\/span> Recompra de Christiani<\/h2><\/div><div class=\"fusion-text fusion-text-20 history-text-block\"><p>Los accionistas actuales compran la empresa Christiani.<\/p>\n<\/div><div class=\"fusion-image-element fusion-image-align-center in-legacy-container\" style=\"text-align:center;--awb-caption-title-font-family:var(--h2_typography-font-family);--awb-caption-title-font-weight:var(--h2_typography-font-weight);--awb-caption-title-font-style:var(--h2_typography-font-style);--awb-caption-title-size:var(--h2_typography-font-size);--awb-caption-title-transform:var(--h2_typography-text-transform);--awb-caption-title-line-height:var(--h2_typography-line-height);--awb-caption-title-letter-spacing:var(--h2_typography-letter-spacing);\"><div class=\"imageframe-align-center\"><span class=\" fusion-imageframe imageframe-none imageframe-20 hover-type-none history-img-block\"><img decoding=\"async\" title=\"1998 Rueckkauf Christiani\" src=\"https:\/\/www.christiani-international.com\/cms\/wp-content\/uploads\/2019\/07\/1998-Rueckkauf-Christiani-1.jpg\" alt class=\"img-responsive wp-image-11984\"\/><\/span><\/div><\/div><div class=\"fusion-clearfix\"><\/div><\/div><\/div><\/div><\/div><div class=\"fusion-fullwidth fullwidth-box fusion-builder-row-22 gradient-container-22 nonhundred-percent-fullwidth non-hundred-percent-height-scrolling\" style=\"--awb-border-radius-top-left:0px;--awb-border-radius-top-right:0px;--awb-border-radius-bottom-right:0px;--awb-border-radius-bottom-left:0px;--awb-flex-wrap:wrap;\" ><div class=\"fusion-builder-row fusion-row\"><div class=\"fusion-layout-column fusion_builder_column fusion-builder-column-21 fusion_builder_column_1_1 1_1 fusion-one-full fusion-column-first fusion-column-last\" style=\"--awb-bg-size:cover;--awb-margin-bottom:0px;\"><div class=\"fusion-column-wrapper fusion-column-has-shadow fusion-flex-column-wrapper-legacy\"><div class=\"fusion-title title fusion-title-22 fusion-sep-none fusion-title-text fusion-title-size-two history-title-block\" style=\"--awb-margin-bottom:0px;--awb-margin-bottom-small:0px;\"><h2 class=\"fusion-title-heading title-heading-left fusion-responsive-typography-calculated\" style=\"margin:0;--fontSize:22;line-height:1.41;\"><span class=\"history-year\">1998<\/span> Nace el Departamento Multimedia<\/h2><\/div><div class=\"fusion-text fusion-text-21 history-text-block\"><div class=\"page\" data-page-number=\"9\" data-loaded=\"true\">\n<div class=\"textLayer\">En el nuevo departamento multimedia se preparan y mejoran programas de aprendizaje interactivos.<\/div>\n<\/div>\n<\/div><div class=\"fusion-image-element fusion-image-align-center in-legacy-container\" style=\"text-align:center;--awb-caption-title-font-family:var(--h2_typography-font-family);--awb-caption-title-font-weight:var(--h2_typography-font-weight);--awb-caption-title-font-style:var(--h2_typography-font-style);--awb-caption-title-size:var(--h2_typography-font-size);--awb-caption-title-transform:var(--h2_typography-text-transform);--awb-caption-title-line-height:var(--h2_typography-line-height);--awb-caption-title-letter-spacing:var(--h2_typography-letter-spacing);\"><div class=\"imageframe-align-center\"><span class=\" fusion-imageframe imageframe-none imageframe-21 hover-type-none history-img-block\"><img decoding=\"async\" title=\"1998 Multimedia-Abteilung\" src=\"https:\/\/www.christiani-international.com\/cms\/wp-content\/uploads\/2019\/07\/1998-Multimedia-Abteilung-2.jpg\" alt class=\"img-responsive wp-image-12018\"\/><\/span><\/div><\/div><div class=\"fusion-clearfix\"><\/div><\/div><\/div><\/div><\/div><div class=\"fusion-fullwidth fullwidth-box fusion-builder-row-23 gradient-container-23 nonhundred-percent-fullwidth non-hundred-percent-height-scrolling\" style=\"--awb-border-radius-top-left:0px;--awb-border-radius-top-right:0px;--awb-border-radius-bottom-right:0px;--awb-border-radius-bottom-left:0px;--awb-flex-wrap:wrap;\" ><div class=\"fusion-builder-row fusion-row\"><div class=\"fusion-layout-column fusion_builder_column fusion-builder-column-22 fusion_builder_column_1_1 1_1 fusion-one-full fusion-column-first fusion-column-last\" style=\"--awb-bg-size:cover;--awb-margin-bottom:0px;\"><div class=\"fusion-column-wrapper fusion-column-has-shadow fusion-flex-column-wrapper-legacy\"><div class=\"fusion-title title fusion-title-23 fusion-sep-none fusion-title-text fusion-title-size-two history-title-block\" style=\"--awb-margin-bottom:0px;--awb-margin-bottom-small:0px;\"><h2 class=\"fusion-title-heading title-heading-left fusion-responsive-typography-calculated\" style=\"margin:0;--fontSize:22;line-height:1.41;\"><span class=\"history-year\">1994<\/span> Venta de Christiani<\/h2><\/div><div class=\"fusion-text fusion-text-22 history-text-block\"><p>El Grupo Conrad es el nuevo accionista de Christiani.<\/p>\n<\/div><div class=\"fusion-image-element fusion-image-align-center in-legacy-container\" style=\"text-align:center;--awb-caption-title-font-family:var(--h2_typography-font-family);--awb-caption-title-font-weight:var(--h2_typography-font-weight);--awb-caption-title-font-style:var(--h2_typography-font-style);--awb-caption-title-size:var(--h2_typography-font-size);--awb-caption-title-transform:var(--h2_typography-text-transform);--awb-caption-title-line-height:var(--h2_typography-line-height);--awb-caption-title-letter-spacing:var(--h2_typography-letter-spacing);\"><div class=\"imageframe-align-center\"><span class=\" fusion-imageframe imageframe-none imageframe-22 hover-type-none history-img-block\"><img decoding=\"async\" title=\"1994 Verkauf Christiani\" src=\"https:\/\/www.christiani-international.com\/cms\/wp-content\/uploads\/2019\/07\/1994-Verkauf-Christiani-2.jpg\" alt class=\"img-responsive wp-image-12014\"\/><\/span><\/div><\/div><div class=\"fusion-clearfix\"><\/div><\/div><\/div><\/div><\/div><div class=\"fusion-fullwidth fullwidth-box fusion-builder-row-24 gradient-container-24 nonhundred-percent-fullwidth non-hundred-percent-height-scrolling\" style=\"--awb-border-radius-top-left:0px;--awb-border-radius-top-right:0px;--awb-border-radius-bottom-right:0px;--awb-border-radius-bottom-left:0px;--awb-flex-wrap:wrap;\" ><div class=\"fusion-builder-row fusion-row\"><div class=\"fusion-layout-column fusion_builder_column fusion-builder-column-23 fusion_builder_column_1_1 1_1 fusion-one-full fusion-column-first fusion-column-last\" style=\"--awb-bg-size:cover;--awb-margin-bottom:0px;\"><div class=\"fusion-column-wrapper fusion-column-has-shadow fusion-flex-column-wrapper-legacy\"><div class=\"fusion-title title fusion-title-24 fusion-sep-none fusion-title-text fusion-title-size-two history-title-block\" style=\"--awb-margin-bottom:0px;--awb-margin-bottom-small:0px;\"><h2 class=\"fusion-title-heading title-heading-left fusion-responsive-typography-calculated\" style=\"margin:0;--fontSize:22;line-height:1.41;\"><span class=\"history-year\">1975<\/span> El Servicio de Ex\u00e1menes Christiani<\/h2><\/div><div class=\"fusion-text fusion-text-23 history-text-block\"><p>Se crea el servicio de ex\u00e1menes Christiani.<br \/>\nChristiani produce y env\u00eda tareas de examen para profesiones t\u00e9cnicas.<\/p>\n<\/div><div class=\"fusion-image-element fusion-image-align-center in-legacy-container\" style=\"text-align:center;--awb-caption-title-font-family:var(--h2_typography-font-family);--awb-caption-title-font-weight:var(--h2_typography-font-weight);--awb-caption-title-font-style:var(--h2_typography-font-style);--awb-caption-title-size:var(--h2_typography-font-size);--awb-caption-title-transform:var(--h2_typography-text-transform);--awb-caption-title-line-height:var(--h2_typography-line-height);--awb-caption-title-letter-spacing:var(--h2_typography-letter-spacing);\"><div class=\"imageframe-align-center\"><span class=\" fusion-imageframe imageframe-none imageframe-23 hover-type-none history-img-block\"><img decoding=\"async\" title=\"1975 Christiani-Pruefungsservice\" src=\"https:\/\/www.christiani-international.com\/cms\/wp-content\/uploads\/2019\/07\/1975-Christiani-Pruefungsservice-1.jpg\" alt class=\"img-responsive wp-image-11980\"\/><\/span><\/div><\/div><div class=\"fusion-clearfix\"><\/div><\/div><\/div><\/div><\/div><div class=\"fusion-fullwidth fullwidth-box fusion-builder-row-25 gradient-container-25 nonhundred-percent-fullwidth non-hundred-percent-height-scrolling\" style=\"--awb-border-radius-top-left:0px;--awb-border-radius-top-right:0px;--awb-border-radius-bottom-right:0px;--awb-border-radius-bottom-left:0px;--awb-flex-wrap:wrap;\" ><div class=\"fusion-builder-row fusion-row\"><div class=\"fusion-layout-column fusion_builder_column fusion-builder-column-24 fusion_builder_column_1_1 1_1 fusion-one-full fusion-column-first fusion-column-last\" style=\"--awb-bg-size:cover;--awb-margin-bottom:0px;\"><div class=\"fusion-column-wrapper fusion-column-has-shadow fusion-flex-column-wrapper-legacy\"><div class=\"fusion-title title fusion-title-25 fusion-sep-none fusion-title-text fusion-title-size-two history-title-block\" style=\"--awb-margin-bottom:0px;--awb-margin-bottom-small:0px;\"><h2 class=\"fusion-title-heading title-heading-left fusion-responsive-typography-calculated\" style=\"margin:0;--fontSize:22;line-height:1.41;\"><span class=\"history-year\">1971<\/span> Colaboraci\u00f3n con la PAL<\/h2><\/div><div class=\"fusion-text fusion-text-24 history-text-block\"><div class=\"page\" data-page-number=\"10\" data-loaded=\"true\">\n<div class=\"textLayer\">  Inicio de la colaboraci\u00f3n con el PAL, el centro de tareas de examen y desarrollo de material did\u00e1ctico de la regi\u00f3n IHK de Stuttgart, en el \u00e1rea de las tareas de examen para todas las profesiones de formaci\u00f3n industrial y t\u00e9cnica.<br \/>\nAparecen las primeras bases de datos de tareas.<br \/>\nLas tareas de la base de datos de tareas de Christiani se utilizan por primera vez en un examen intermedio.    <\/p>\n<div class=\"endOfContent\"><\/div>\n<\/div>\n<\/div>\n<div class=\"page\" data-page-number=\"11\" data-loaded=\"true\">\n<div class=\"canvasWrapper\"><\/div>\n<div class=\"textLayer\"><\/div>\n<\/div>\n<\/div><div class=\"fusion-image-element fusion-image-align-center in-legacy-container\" style=\"text-align:center;--awb-caption-title-font-family:var(--h2_typography-font-family);--awb-caption-title-font-weight:var(--h2_typography-font-weight);--awb-caption-title-font-style:var(--h2_typography-font-style);--awb-caption-title-size:var(--h2_typography-font-size);--awb-caption-title-transform:var(--h2_typography-text-transform);--awb-caption-title-line-height:var(--h2_typography-line-height);--awb-caption-title-letter-spacing:var(--h2_typography-letter-spacing);\"><div class=\"imageframe-align-center\"><span class=\" fusion-imageframe imageframe-none imageframe-24 hover-type-none history-img-block\"><img decoding=\"async\" title=\"1971 Zusammenarbeit PAL\" src=\"https:\/\/www.christiani-international.com\/cms\/wp-content\/uploads\/2019\/07\/1971-Zusammenarbeit-PAL-2.jpg\" alt class=\"img-responsive wp-image-12010\"\/><\/span><\/div><\/div><div class=\"fusion-clearfix\"><\/div><\/div><\/div><\/div><\/div><div class=\"fusion-fullwidth fullwidth-box fusion-builder-row-26 gradient-container-26 nonhundred-percent-fullwidth non-hundred-percent-height-scrolling\" style=\"--awb-border-radius-top-left:0px;--awb-border-radius-top-right:0px;--awb-border-radius-bottom-right:0px;--awb-border-radius-bottom-left:0px;--awb-flex-wrap:wrap;\" ><div class=\"fusion-builder-row fusion-row\"><div class=\"fusion-layout-column fusion_builder_column fusion-builder-column-25 fusion_builder_column_1_1 1_1 fusion-one-full fusion-column-first fusion-column-last\" style=\"--awb-bg-size:cover;--awb-margin-bottom:0px;\"><div class=\"fusion-column-wrapper fusion-column-has-shadow fusion-flex-column-wrapper-legacy\"><div class=\"fusion-title title fusion-title-26 fusion-sep-none fusion-title-text fusion-title-size-two history-title-block\" style=\"--awb-margin-bottom:0px;--awb-margin-bottom-small:0px;\"><h2 class=\"fusion-title-heading title-heading-left fusion-responsive-typography-calculated\" style=\"margin:0;--fontSize:22;line-height:1.41;\"><span class=\"history-year\">1960<\/span> El nuevo edificio de oficinas<\/h2><\/div><div class=\"fusion-text fusion-text-25 history-text-block\"><p>La nueva construcci\u00f3n del edificio de oficinas Christiani en Hermann-Hesse-Weg es un signo visible del r\u00e1pido desarrollo que experiment\u00f3 la empresa en la d\u00e9cada de 1960.<br \/>\nDesde entonces, el instituto se ha ampliado varias veces a trav\u00e9s de conversiones y ampliaciones.<\/p>\n<\/div><div class=\"fusion-image-element fusion-image-align-center in-legacy-container\" style=\"text-align:center;--awb-caption-title-font-family:var(--h2_typography-font-family);--awb-caption-title-font-weight:var(--h2_typography-font-weight);--awb-caption-title-font-style:var(--h2_typography-font-style);--awb-caption-title-size:var(--h2_typography-font-size);--awb-caption-title-transform:var(--h2_typography-text-transform);--awb-caption-title-line-height:var(--h2_typography-line-height);--awb-caption-title-letter-spacing:var(--h2_typography-letter-spacing);\"><div class=\"imageframe-align-center\"><span class=\" fusion-imageframe imageframe-none imageframe-25 hover-type-none history-img-block\"><img decoding=\"async\" title=\"1960 Neues Geschaeftsgebaeude\" src=\"https:\/\/www.christiani-international.com\/cms\/wp-content\/uploads\/2019\/07\/1960-Neues-Geschaeftsgebaeude-1.jpg\" alt class=\"img-responsive wp-image-12006\"\/><\/span><\/div><\/div><div class=\"fusion-clearfix\"><\/div><\/div><\/div><\/div><\/div><div class=\"fusion-fullwidth fullwidth-box fusion-builder-row-27 gradient-container-27 nonhundred-percent-fullwidth non-hundred-percent-height-scrolling\" style=\"--awb-border-radius-top-left:0px;--awb-border-radius-top-right:0px;--awb-border-radius-bottom-right:0px;--awb-border-radius-bottom-left:0px;--awb-flex-wrap:wrap;\" ><div class=\"fusion-builder-row fusion-row\"><div class=\"fusion-layout-column fusion_builder_column fusion-builder-column-26 fusion_builder_column_1_1 1_1 fusion-one-full fusion-column-first fusion-column-last\" style=\"--awb-bg-size:cover;--awb-margin-bottom:0px;\"><div class=\"fusion-column-wrapper fusion-column-has-shadow fusion-flex-column-wrapper-legacy\"><div class=\"fusion-title title fusion-title-27 fusion-sep-none fusion-title-text fusion-title-size-two history-title-block\" style=\"--awb-margin-bottom:0px;--awb-margin-bottom-small:0px;\"><h2 class=\"fusion-title-heading title-heading-left fusion-responsive-typography-calculated\" style=\"margin:0;--fontSize:22;line-height:1.41;\"><span class=\"history-year\">1955<\/span> Curso de Capacitaci\u00f3n en Tecnolog\u00eda de Radio<\/h2><\/div><div class=\"fusion-text fusion-text-26 history-text-block\"><p>El nuevo curso de formaci\u00f3n &#8220;Tecnolog\u00eda de radio&#8221; permite la entrada en el campo de la ingenier\u00eda el\u00e9ctrica.<\/p>\n<\/div><div class=\"fusion-image-element fusion-image-align-center in-legacy-container\" style=\"text-align:center;--awb-caption-title-font-family:var(--h2_typography-font-family);--awb-caption-title-font-weight:var(--h2_typography-font-weight);--awb-caption-title-font-style:var(--h2_typography-font-style);--awb-caption-title-size:var(--h2_typography-font-size);--awb-caption-title-transform:var(--h2_typography-text-transform);--awb-caption-title-line-height:var(--h2_typography-line-height);--awb-caption-title-letter-spacing:var(--h2_typography-letter-spacing);\"><div class=\"imageframe-align-center\"><span class=\" fusion-imageframe imageframe-none imageframe-26 hover-type-none history-img-block\"><img decoding=\"async\" title=\"1955 Lehrgang Radiotechnik\" src=\"https:\/\/www.christiani-international.com\/cms\/wp-content\/uploads\/2019\/07\/1955-Lehrgang-Radiotechnik-2.jpg\" alt class=\"img-responsive wp-image-12002\"\/><\/span><\/div><\/div><div class=\"fusion-clearfix\"><\/div><\/div><\/div><\/div><\/div><div class=\"fusion-fullwidth fullwidth-box fusion-builder-row-28 gradient-container-28 nonhundred-percent-fullwidth non-hundred-percent-height-scrolling\" style=\"--awb-border-radius-top-left:0px;--awb-border-radius-top-right:0px;--awb-border-radius-bottom-right:0px;--awb-border-radius-bottom-left:0px;--awb-flex-wrap:wrap;\" ><div class=\"fusion-builder-row fusion-row\"><div class=\"fusion-layout-column fusion_builder_column fusion-builder-column-27 fusion_builder_column_1_1 1_1 fusion-one-full fusion-column-first fusion-column-last\" style=\"--awb-bg-size:cover;--awb-margin-bottom:0px;\"><div class=\"fusion-column-wrapper fusion-column-has-shadow fusion-flex-column-wrapper-legacy\"><div class=\"fusion-title title fusion-title-28 fusion-sep-none fusion-title-text fusion-title-size-two history-title-block\" style=\"--awb-margin-bottom:0px;--awb-margin-bottom-small:0px;\"><h2 class=\"fusion-title-heading title-heading-left fusion-responsive-typography-calculated\" style=\"margin:0;--fontSize:22;line-height:1.41;\"><span class=\"history-year\">1955<\/span> Primera edici\u00f3n de la revista tecnol\u00f3gica &#8220;AUSBAU&#8221;<\/h2><\/div><div class=\"fusion-text fusion-text-27 history-text-block\"><p>En 1940 apareci\u00f3 por primera vez la revista de tecnolog\u00eda cristiana &#8220;AUSBAU&#8221;.<br \/>\nSe consideraba una revista integral de educaci\u00f3n continua para las profesiones t\u00e9cnicas y como un v\u00ednculo entre Christiani y los ex graduados.<\/p>\n<\/div><div class=\"fusion-image-element fusion-image-align-center in-legacy-container\" style=\"text-align:center;--awb-caption-title-font-family:var(--h2_typography-font-family);--awb-caption-title-font-weight:var(--h2_typography-font-weight);--awb-caption-title-font-style:var(--h2_typography-font-style);--awb-caption-title-size:var(--h2_typography-font-size);--awb-caption-title-transform:var(--h2_typography-text-transform);--awb-caption-title-line-height:var(--h2_typography-line-height);--awb-caption-title-letter-spacing:var(--h2_typography-letter-spacing);\"><div class=\"imageframe-align-center\"><span class=\" fusion-imageframe imageframe-none imageframe-27 hover-type-none history-img-block\"><img decoding=\"async\" title=\"1955 Entwicklung der Lehrgaenge\" src=\"https:\/\/www.christiani-international.com\/cms\/wp-content\/uploads\/2019\/07\/1955-Entwicklung-der-Lehrgaenge-2.jpg\" alt class=\"img-responsive wp-image-12016\"\/><\/span><\/div><\/div><div class=\"fusion-clearfix\"><\/div><\/div><\/div><\/div><\/div><div class=\"fusion-fullwidth fullwidth-box fusion-builder-row-29 gradient-container-29 nonhundred-percent-fullwidth non-hundred-percent-height-scrolling\" style=\"--awb-border-radius-top-left:0px;--awb-border-radius-top-right:0px;--awb-border-radius-bottom-right:0px;--awb-border-radius-bottom-left:0px;--awb-flex-wrap:wrap;\" ><div class=\"fusion-builder-row fusion-row\"><div class=\"fusion-layout-column fusion_builder_column fusion-builder-column-28 fusion_builder_column_1_1 1_1 fusion-one-full fusion-column-first fusion-column-last\" style=\"--awb-bg-size:cover;--awb-margin-bottom:0px;\"><div class=\"fusion-column-wrapper fusion-column-has-shadow fusion-flex-column-wrapper-legacy\"><div class=\"fusion-title title fusion-title-29 fusion-sep-none fusion-title-text fusion-title-size-two history-title-block\" style=\"--awb-margin-bottom:0px;--awb-margin-bottom-small:0px;\"><h2 class=\"fusion-title-heading title-heading-left fusion-responsive-typography-calculated\" style=\"margin:0;--fontSize:22;line-height:1.41;\"><span class=\"history-year\">1940<\/span> El desarrollo de los cursos de formaci\u00f3n<\/h2><\/div><div class=\"fusion-text fusion-text-28 history-text-block\"><p>Los cursos de formaci\u00f3n &#8220;Ingenier\u00eda Mec\u00e1nica&#8221; e &#8220;Ingenier\u00eda Civil&#8221; aparecen en nueva versi\u00f3n.<\/p>\n<\/div><div class=\"fusion-image-element fusion-image-align-center in-legacy-container\" style=\"text-align:center;--awb-caption-title-font-family:var(--h2_typography-font-family);--awb-caption-title-font-weight:var(--h2_typography-font-weight);--awb-caption-title-font-style:var(--h2_typography-font-style);--awb-caption-title-size:var(--h2_typography-font-size);--awb-caption-title-transform:var(--h2_typography-text-transform);--awb-caption-title-line-height:var(--h2_typography-line-height);--awb-caption-title-letter-spacing:var(--h2_typography-letter-spacing);\"><div class=\"imageframe-align-center\"><span class=\" fusion-imageframe imageframe-none imageframe-28 hover-type-none history-img-block\"><img decoding=\"async\" title=\"1940 Erste Ausgabe-Ausbau\" src=\"https:\/\/www.christiani-international.com\/cms\/wp-content\/uploads\/2019\/07\/1940-Erste-Ausgabe-Ausbau-2.jpg\" alt class=\"img-responsive wp-image-12012\"\/><\/span><\/div><\/div><div class=\"fusion-clearfix\"><\/div><\/div><\/div><\/div><\/div><div class=\"fusion-fullwidth fullwidth-box fusion-builder-row-30 gradient-container-30 nonhundred-percent-fullwidth non-hundred-percent-height-scrolling\" style=\"--awb-border-radius-top-left:0px;--awb-border-radius-top-right:0px;--awb-border-radius-bottom-right:0px;--awb-border-radius-bottom-left:0px;--awb-flex-wrap:wrap;\" ><div class=\"fusion-builder-row fusion-row\"><div class=\"fusion-layout-column fusion_builder_column fusion-builder-column-29 fusion_builder_column_1_1 1_1 fusion-one-full fusion-column-first fusion-column-last\" style=\"--awb-bg-size:cover;--awb-margin-bottom:0px;\"><div class=\"fusion-column-wrapper fusion-column-has-shadow fusion-flex-column-wrapper-legacy\"><div class=\"fusion-title title fusion-title-30 fusion-sep-none fusion-title-text fusion-title-size-two history-title-block\" style=\"--awb-margin-bottom:0px;--awb-margin-bottom-small:0px;\"><h2 class=\"fusion-title-heading title-heading-left fusion-responsive-typography-calculated\" style=\"margin:0;--fontSize:22;line-height:1.41;\"><span class=\"history-year\">1934<\/span> El primer curso de formaci\u00f3n<\/h2><\/div><div class=\"fusion-text fusion-text-29 history-text-block\"><div class=\"page\" data-page-number=\"12\" data-loaded=\"true\">\n<div class=\"textLayer\">El curso de formaci\u00f3n &#8220;Ingenier\u00eda Estructural&#8221; fue el primer curso dise\u00f1ado por el Dr.-Ing. Paul Christiani. Ya conten\u00eda todo lo que hoy se entiende por un concepto did\u00e1ctico moderno:<\/div>\n<div class=\"textLayer\"><strong>&#8211; Contenidos de aprendizaje cualificados<\/strong><\/div>\n<div class=\"textLayer\"><strong>&#8211; Implementaci\u00f3n f\u00e1cil de entender<\/strong><\/div>\n<div class=\"textLayer\"><strong>&#8211; Entrelazamiento con la pr\u00e1ctica, as\u00ed como con un enfoque cient\u00edfico<\/strong><\/div>\n<div class=\"textLayer\"><strong>&#8211; Presentaci\u00f3n exacta pero impactante de los contenidos de aprendizaje<\/strong><\/div>\n<div class=\"textLayer\">Los primeros cursos todav\u00eda se creaban a m\u00e1quina de escribir y se duplicaban con matrices.<\/div>\n<\/div>\n<\/div><div class=\"fusion-image-element fusion-image-align-center in-legacy-container\" style=\"text-align:center;--awb-caption-title-font-family:var(--h2_typography-font-family);--awb-caption-title-font-weight:var(--h2_typography-font-weight);--awb-caption-title-font-style:var(--h2_typography-font-style);--awb-caption-title-size:var(--h2_typography-font-size);--awb-caption-title-transform:var(--h2_typography-text-transform);--awb-caption-title-line-height:var(--h2_typography-line-height);--awb-caption-title-letter-spacing:var(--h2_typography-letter-spacing);\"><div class=\"imageframe-align-center\"><span class=\" fusion-imageframe imageframe-none imageframe-29 hover-type-none history-img-block\"><img decoding=\"async\" title=\"1934 Der erste Lehrgang\" src=\"https:\/\/www.christiani-international.com\/cms\/wp-content\/uploads\/2019\/07\/1934-Der-erste-Lehrgang-2.jpg\" alt class=\"img-responsive wp-image-12008\"\/><\/span><\/div><\/div><div class=\"fusion-clearfix\"><\/div><\/div><\/div><\/div><\/div><div class=\"fusion-fullwidth fullwidth-box fusion-builder-row-31 gradient-container-31 nonhundred-percent-fullwidth non-hundred-percent-height-scrolling\" style=\"--awb-border-radius-top-left:0px;--awb-border-radius-top-right:0px;--awb-border-radius-bottom-right:0px;--awb-border-radius-bottom-left:0px;--awb-flex-wrap:wrap;\" ><div class=\"fusion-builder-row fusion-row\"><div class=\"fusion-layout-column fusion_builder_column fusion-builder-column-30 fusion_builder_column_1_1 1_1 fusion-one-full fusion-column-first fusion-column-last\" style=\"--awb-bg-size:cover;--awb-margin-bottom:0px;\"><div class=\"fusion-column-wrapper fusion-column-has-shadow fusion-flex-column-wrapper-legacy\"><div class=\"fusion-title title fusion-title-31 fusion-sep-none fusion-title-text fusion-title-size-two history-title-block\" style=\"--awb-margin-bottom:0px;--awb-margin-bottom-small:0px;\"><h2 class=\"fusion-title-heading title-heading-left fusion-responsive-typography-calculated\" style=\"margin:0;--fontSize:22;line-height:1.41;\"><span class=\"history-year\">1931<\/span> Fundaci\u00f3n del Primer Instituto de Educaci\u00f3n a Distancia de Alemania<\/h2><\/div><div class=\"fusion-text fusion-text-30 history-text-block\"><p>El Dr.-Ing. Paul Christiani funda el primer instituto de educaci\u00f3n a distancia de Alemania en Frankfurt amMain. <em><strong>&#8220;La clave del \u00e9xito profesional personal es la formaci\u00f3n continua&#8221;<\/strong><\/em><\/p>\n<\/div><div class=\"fusion-image-element fusion-image-align-center in-legacy-container\" style=\"text-align:center;--awb-caption-title-font-family:var(--h2_typography-font-family);--awb-caption-title-font-weight:var(--h2_typography-font-weight);--awb-caption-title-font-style:var(--h2_typography-font-style);--awb-caption-title-size:var(--h2_typography-font-size);--awb-caption-title-transform:var(--h2_typography-text-transform);--awb-caption-title-line-height:var(--h2_typography-line-height);--awb-caption-title-letter-spacing:var(--h2_typography-letter-spacing);\"><div class=\"imageframe-align-center\"><span class=\" fusion-imageframe imageframe-none imageframe-30 hover-type-none history-img-block\"><img decoding=\"async\" title=\"1931 Wie alles begann\" src=\"https:\/\/www.christiani-international.com\/cms\/wp-content\/uploads\/2019\/07\/1931-Wie-alles-begann-2.jpg\" alt class=\"img-responsive wp-image-12004\"\/><\/span><\/div><\/div><div class=\"fusion-clearfix\"><\/div><\/div><\/div><\/div><\/div><\/p>\n","protected":false},"excerpt":{"rendered":"","protected":false},"author":1,"featured_media":0,"parent":11335,"menu_order":1,"comment_status":"closed","ping_status":"closed","template":"","meta":{"inline_featured_image":false,"footnotes":""},"class_list":["post-11290","page","type-page","status-publish","hentry"],"yoast_head":"<!-- This site is optimized with the Yoast SEO plugin v23.3 - https:\/\/yoast.com\/wordpress\/plugins\/seo\/ -->\n<title>Nuestra historia: de los cursos de formaci\u00f3n al laboratorio digital para AR\/VR | Christiani<\/title>\n<meta name=\"description\" content=\"Desde el primer curso de formaci\u00f3n hasta la ampliaci\u00f3n de nuestro Centro de Competencia y el Laboratorio Digital para AR\/VR, aqu\u00ed aprender\u00e1 todo sobre los hitos de Christiani\" \/>\n<meta name=\"robots\" content=\"index, follow, max-snippet:-1, max-image-preview:large, max-video-preview:-1\" \/>\n<link rel=\"canonical\" href=\"https:\/\/www.christiani-international.com\/cms\/es\/historia\/\" \/>\n<meta property=\"og:locale\" content=\"es_ES\" \/>\n<meta property=\"og:type\" content=\"article\" \/>\n<meta property=\"og:title\" content=\"Nuestra historia: de los cursos de formaci\u00f3n al laboratorio digital para AR\/VR | Christiani\" \/>\n<meta property=\"og:description\" content=\"Desde el primer curso de formaci\u00f3n hasta la ampliaci\u00f3n de nuestro Centro de Competencia y el Laboratorio Digital para AR\/VR, aqu\u00ed aprender\u00e1 todo sobre los hitos de Christiani\" \/>\n<meta property=\"og:url\" content=\"https:\/\/www.christiani-international.com\/cms\/es\/historia\/\" \/>\n<meta property=\"og:site_name\" content=\"Christiani International\" \/>\n<meta property=\"article:modified_time\" content=\"2024-07-31T12:04:41+00:00\" \/>\n<meta name=\"twitter:card\" content=\"summary_large_image\" \/>\n<meta name=\"twitter:label1\" content=\"Tiempo de lectura\" \/>\n\t<meta name=\"twitter:data1\" content=\"64 minutos\" \/>\n<script type=\"application\/ld+json\" class=\"yoast-schema-graph\">{\"@context\":\"https:\/\/schema.org\",\"@graph\":[{\"@type\":\"WebPage\",\"@id\":\"https:\/\/www.christiani-international.com\/cms\/es\/historia\/\",\"url\":\"https:\/\/www.christiani-international.com\/cms\/es\/historia\/\",\"name\":\"Nuestra historia: de los cursos de formaci\u00f3n al laboratorio digital para AR\/VR | Christiani\",\"isPartOf\":{\"@id\":\"https:\/\/www.christiani-international.com\/cms\/#website\"},\"datePublished\":\"2024-07-31T12:04:36+00:00\",\"dateModified\":\"2024-07-31T12:04:41+00:00\",\"description\":\"Desde el primer curso de formaci\u00f3n hasta la ampliaci\u00f3n de nuestro Centro de Competencia y el Laboratorio Digital para AR\/VR, aqu\u00ed aprender\u00e1 todo sobre los hitos de Christiani\",\"breadcrumb\":{\"@id\":\"https:\/\/www.christiani-international.com\/cms\/es\/historia\/#breadcrumb\"},\"inLanguage\":\"es\",\"potentialAction\":[{\"@type\":\"ReadAction\",\"target\":[\"https:\/\/www.christiani-international.com\/cms\/es\/historia\/\"]}]},{\"@type\":\"BreadcrumbList\",\"@id\":\"https:\/\/www.christiani-international.com\/cms\/es\/historia\/#breadcrumb\",\"itemListElement\":[{\"@type\":\"ListItem\",\"position\":1,\"name\":\"christiani-international.com\",\"item\":\"https:\/\/www.christiani-international.com\/\"},{\"@type\":\"ListItem\",\"position\":2,\"name\":\"Sobre nosotros\",\"item\":\"https:\/\/www.christiani-international.com\/cms\/es\/sobre-nosotros\/\"},{\"@type\":\"ListItem\",\"position\":3,\"name\":\"Historia\"}]},{\"@type\":\"WebSite\",\"@id\":\"https:\/\/www.christiani-international.com\/cms\/#website\",\"url\":\"https:\/\/www.christiani-international.com\/cms\/\",\"name\":\"Christiani International\",\"description\":\"Eine weitere WordPress-Website\",\"potentialAction\":[{\"@type\":\"SearchAction\",\"target\":{\"@type\":\"EntryPoint\",\"urlTemplate\":\"https:\/\/www.christiani-international.com\/cms\/?s={search_term_string}\"},\"query-input\":\"required name=search_term_string\"}],\"inLanguage\":\"es\"}]}<\/script>\n<!-- \/ Yoast SEO plugin. -->","yoast_head_json":{"title":"Nuestra historia: de los cursos de formaci\u00f3n al laboratorio digital para AR\/VR | Christiani","description":"Desde el primer curso de formaci\u00f3n hasta la ampliaci\u00f3n de nuestro Centro de Competencia y el Laboratorio Digital para AR\/VR, aqu\u00ed aprender\u00e1 todo sobre los hitos de Christiani","robots":{"index":"index","follow":"follow","max-snippet":"max-snippet:-1","max-image-preview":"max-image-preview:large","max-video-preview":"max-video-preview:-1"},"canonical":"https:\/\/www.christiani-international.com\/cms\/es\/historia\/","og_locale":"es_ES","og_type":"article","og_title":"Nuestra historia: de los cursos de formaci\u00f3n al laboratorio digital para AR\/VR | Christiani","og_description":"Desde el primer curso de formaci\u00f3n hasta la ampliaci\u00f3n de nuestro Centro de Competencia y el Laboratorio Digital para AR\/VR, aqu\u00ed aprender\u00e1 todo sobre los hitos de Christiani","og_url":"https:\/\/www.christiani-international.com\/cms\/es\/historia\/","og_site_name":"Christiani International","article_modified_time":"2024-07-31T12:04:41+00:00","twitter_card":"summary_large_image","twitter_misc":{"Tiempo de lectura":"64 minutos"},"schema":{"@context":"https:\/\/schema.org","@graph":[{"@type":"WebPage","@id":"https:\/\/www.christiani-international.com\/cms\/es\/historia\/","url":"https:\/\/www.christiani-international.com\/cms\/es\/historia\/","name":"Nuestra historia: de los cursos de formaci\u00f3n al laboratorio digital para AR\/VR | Christiani","isPartOf":{"@id":"https:\/\/www.christiani-international.com\/cms\/#website"},"datePublished":"2024-07-31T12:04:36+00:00","dateModified":"2024-07-31T12:04:41+00:00","description":"Desde el primer curso de formaci\u00f3n hasta la ampliaci\u00f3n de nuestro Centro de Competencia y el Laboratorio Digital para AR\/VR, aqu\u00ed aprender\u00e1 todo sobre los hitos de Christiani","breadcrumb":{"@id":"https:\/\/www.christiani-international.com\/cms\/es\/historia\/#breadcrumb"},"inLanguage":"es","potentialAction":[{"@type":"ReadAction","target":["https:\/\/www.christiani-international.com\/cms\/es\/historia\/"]}]},{"@type":"BreadcrumbList","@id":"https:\/\/www.christiani-international.com\/cms\/es\/historia\/#breadcrumb","itemListElement":[{"@type":"ListItem","position":1,"name":"christiani-international.com","item":"https:\/\/www.christiani-international.com\/"},{"@type":"ListItem","position":2,"name":"Sobre nosotros","item":"https:\/\/www.christiani-international.com\/cms\/es\/sobre-nosotros\/"},{"@type":"ListItem","position":3,"name":"Historia"}]},{"@type":"WebSite","@id":"https:\/\/www.christiani-international.com\/cms\/#website","url":"https:\/\/www.christiani-international.com\/cms\/","name":"Christiani International","description":"Eine weitere WordPress-Website","potentialAction":[{"@type":"SearchAction","target":{"@type":"EntryPoint","urlTemplate":"https:\/\/www.christiani-international.com\/cms\/?s={search_term_string}"},"query-input":"required name=search_term_string"}],"inLanguage":"es"}]}},"_links":{"self":[{"href":"https:\/\/www.christiani-international.com\/cms\/es\/wp-json\/wp\/v2\/pages\/11290","targetHints":{"allow":["GET"]}}],"collection":[{"href":"https:\/\/www.christiani-international.com\/cms\/es\/wp-json\/wp\/v2\/pages"}],"about":[{"href":"https:\/\/www.christiani-international.com\/cms\/es\/wp-json\/wp\/v2\/types\/page"}],"author":[{"embeddable":true,"href":"https:\/\/www.christiani-international.com\/cms\/es\/wp-json\/wp\/v2\/users\/1"}],"replies":[{"embeddable":true,"href":"https:\/\/www.christiani-international.com\/cms\/es\/wp-json\/wp\/v2\/comments?post=11290"}],"version-history":[{"count":2,"href":"https:\/\/www.christiani-international.com\/cms\/es\/wp-json\/wp\/v2\/pages\/11290\/revisions"}],"predecessor-version":[{"id":11305,"href":"https:\/\/www.christiani-international.com\/cms\/es\/wp-json\/wp\/v2\/pages\/11290\/revisions\/11305"}],"up":[{"embeddable":true,"href":"https:\/\/www.christiani-international.com\/cms\/es\/wp-json\/wp\/v2\/pages\/11335"}],"wp:attachment":[{"href":"https:\/\/www.christiani-international.com\/cms\/es\/wp-json\/wp\/v2\/media?parent=11290"}],"curies":[{"name":"wp","href":"https:\/\/api.w.org\/{rel}","templated":true}]}}